{"id":3770,"date":"2021-07-02T11:52:28","date_gmt":"2021-07-02T09:52:28","guid":{"rendered":"https:\/\/sandrovanini.ch\/vaniniwpsite\/privacy-policy\/"},"modified":"2021-10-28T22:47:38","modified_gmt":"2021-10-28T20:47:38","slug":"politique-de-confidentialite","status":"publish","type":"page","link":"https:\/\/sandrovanini.ch\/fr\/politique-de-confidentialite\/","title":{"rendered":"Politique de confidentialit\u00e9"},"content":{"rendered":"<div class=\"wpb-content-wrapper\"><p>[vc_row css_animation=\u00a0\u00bb\u00a0\u00bb row_type=\u00a0\u00bbrow\u00a0\u00bb use_row_as_full_screen_section=\u00a0\u00bbno\u00a0\u00bb type=\u00a0\u00bbfull_width\u00a0\u00bb angled_section=\u00a0\u00bbno\u00a0\u00bb text_align=\u00a0\u00bbleft\u00a0\u00bb background_image_as_pattern=\u00a0\u00bbwithout_pattern\u00a0\u00bb z_index=\u00a0\u00bb\u00a0\u00bb][vc_column][vc_single_image image=\u00a0\u00bb32&Prime; img_size=\u00a0\u00bbfull\u00a0\u00bb alignment=\u00a0\u00bbcenter\u00a0\u00bb qode_css_animation=\u00a0\u00bb\u00a0\u00bb css=\u00a0\u00bb.vc_custom_1630050451964{margin-bottom: 64px !important;}\u00a0\u00bb][vc_column_text]<\/p>\n<h1>Politique de confidentialit\u00e9<\/h1>\n<p>[\/vc_column_text][vc_empty_space height=\u00a0\u00bb20px\u00a0\u00bb][vc_column_text]La soci\u00e9t\u00e9 Sandro Vanini SA (ci-apr\u00e8s d\u00e9nomm\u00e9e \u00ab\u00a0Sandro Vanini\u00a0\u00bb) est une soci\u00e9t\u00e9 leader dans la production de produits personnalis\u00e9s pour le secteur alimentaire et de d\u00e9lices \u00e0 base de fruits pour le canton du Tessin.<\/p>\n<p>Le traitement des donn\u00e9es personnelles par Sandro Vanini s&rsquo;effectue dans le respect de la loi f\u00e9d\u00e9rale sur la protection des donn\u00e9es (LPD), des principes d&rsquo;exactitude, de lic\u00e9it\u00e9, de transparence, de limitation de la finalit\u00e9 et de conservation, de minimisation et d&rsquo;exactitude, ainsi que de la protection de l&rsquo;int\u00e9grit\u00e9 et de la confidentialit\u00e9. En visitant et en utilisant www.sandrovanini.ch, vous acceptez les pratiques d\u00e9crites dans la pr\u00e9sente politique de confidentialit\u00e9 et dans les conditions g\u00e9n\u00e9rales publi\u00e9es dans la section correspondante de ce site.<\/p>\n<p>Sandro Vanini informe l&rsquo;utilisateur qu&rsquo;elle ne collecte pas de donn\u00e9es personnelles de personnes \u00e2g\u00e9es de moins de dix-huit (18) ans. Si vous avez moins de dix-huit (18) ans, Sandro Vanini exige que vous informiez un parent ou un tuteur l\u00e9gal en ce qui concerne la pr\u00e9sente politique de confidentialit\u00e9 et les conditions g\u00e9n\u00e9rales mentionn\u00e9es ci-dessus, car Sandro Vanini a besoin de leur consentement et de leur acceptation de la politique de confidentialit\u00e9 et des conditions g\u00e9n\u00e9rales avant de pouvoir passer une commande.<\/p>\n<p>&nbsp;<\/p>\n<h2>1\u00a0\u00a0\u00a0\u00a0\u00a0 Le Responsable du traitement des donn\u00e9es<\/h2>\n<p>Le Responsable du traitement des donn\u00e9es est Sandro Vanini SA.<\/p>\n<p>Pour demander des informations suppl\u00e9mentaires sur le traitement de vos donn\u00e9es personnelles ou pour exercer vos droits, vous pouvez nous contacter\u00a0:<\/p>\n<table>\n<tbody>\n<tr>\n<td width=\"246\">\n<p style=\"text-align: left;\">en \u00e9crivant \u00e0 :<\/p>\n<\/td>\n<td style=\"text-align: left;\" width=\"406\"><em>Sandro Vanini SA<\/em><em><br \/>\n<\/em><em>Via Vignascia 21<\/em><em>6802 &#8211; Rivera<br \/>\nSuisse<\/em><\/td>\n<\/tr>\n<tr>\n<td style=\"text-align: left;\" width=\"246\">en \u00e9crivant \u00e0 l&rsquo;adresse \u00e9lectronique :<\/td>\n<td width=\"406\">\n<p style=\"text-align: left;\">vanini@sandrovanini.ch<\/p>\n<\/td>\n<\/tr>\n<\/tbody>\n<\/table>\n<p>&nbsp;<\/p>\n<h2>2\u00a0\u00a0\u00a0\u00a0\u00a0 Que sont les donn\u00e9es \u00e0 caract\u00e8re personnel et qu&rsquo;est-ce que le traitement<\/h2>\n<p>Les <u>donn\u00e9es personnelles<\/u> sont des informations qui identifient ou peuvent identifier, directement ou indirectement, une personne physique et qui peuvent fournir des informations sur les caract\u00e9ristiques de cette personne, ses habitudes, ses relations personnelles, etc. Sont consid\u00e9r\u00e9s comme des donn\u00e9es \u00e0 caract\u00e8re personnel, \u00e0 titre d&rsquo;exemple mais non limitatif, le nom, le pr\u00e9nom, l&rsquo;adresse ou d&rsquo;autres coordonn\u00e9es, un num\u00e9ro d&rsquo;identification ou un identifiant en ligne.<\/p>\n<p>Le <u>traitement<\/u> est toute op\u00e9ration effectu\u00e9e avec ou sans l&rsquo;aide de proc\u00e9d\u00e9s automatis\u00e9s et appliqu\u00e9e \u00e0 des donn\u00e9es \u00e0 caract\u00e8re personnel. Sont consid\u00e9r\u00e9s comme traitement, \u00e0 titre d&rsquo;exemple mais non limitatif, la collecte, l&rsquo;enregistrement, l&rsquo;organisation, la conservation, la modification, la consultation, l&rsquo;effacement ou la destruction des donn\u00e9es.<\/p>\n<p>&nbsp;<\/p>\n<h2>3\u00a0\u00a0\u00a0\u00a0\u00a0 Quelles sont les donn\u00e9es personnelles trait\u00e9es<\/h2>\n<p>Nous informons l&rsquo;Utilisateur que les donn\u00e9es personnelles trait\u00e9es sont les suivantes\u00a0:<\/p>\n<ol>\n<li>Donn\u00e9es de navigation<br \/>\nLes syst\u00e8mes informatiques et les proc\u00e9dures logicielles utilis\u00e9s pour faire fonctionner ce site web acqui\u00e8rent, au cours de leur fonctionnement normal, certaines donn\u00e9es personnelles dont la transmission est implicite dans l&rsquo;utilisation des protocoles de communication Internet. Ces informations ne sont pas collect\u00e9es dans le but d&rsquo;\u00eatre associ\u00e9es \u00e0 des int\u00e9ress\u00e9s identifi\u00e9s, mais de par leur nature m\u00eame, elles pourraient, par le biais de traitements et d&rsquo;associations avec des donn\u00e9es d\u00e9tenues par des tiers, permettre d&rsquo;identifier les utilisateurs. Cette cat\u00e9gorie de donn\u00e9es comprend les adresses IP ou les noms de domaine des ordinateurs utilis\u00e9s par les utilisateurs qui se connectent au site, les adresses URI (Uniform Resource Identifier) des ressources demand\u00e9es, l&rsquo;heure de la demande, la m\u00e9thode utilis\u00e9e pour soumettre la demande au serveur, la taille du fichier obtenu en r\u00e9ponse, le code num\u00e9rique indiquant l&rsquo;\u00e9tat de la r\u00e9ponse donn\u00e9e par le serveur (succ\u00e8s, erreur, etc.) et d&rsquo;autres param\u00e8tres relatifs au syst\u00e8me d&rsquo;exploitation et \u00e0 l&rsquo;environnement informatique de l&rsquo;utilisateur. Ces donn\u00e9es sont utilis\u00e9es dans le seul but d&rsquo;obtenir des informations statistiques anonymes sur l&rsquo;utilisation du site, de v\u00e9rifier son bon fonctionnement, d&rsquo;identifier des anomalies et\/ou des abus, et sont supprim\u00e9es imm\u00e9diatement apr\u00e8s leur traitement. Les donn\u00e9es pourraient \u00eatre utilis\u00e9es pour d\u00e9terminer la responsabilit\u00e9 en cas d&rsquo;hypoth\u00e9tiques d\u00e9lits informatiques contre le Responsable des donn\u00e9es ou des tiers.<\/li>\n<li>Plug-in social<br \/>\nNous collectons des donn\u00e9es personnelles \u00e0 partir de r\u00e9seaux sociaux tiers (tels que la fonction \u00ab J&rsquo;aime \u00bb de Facebook, la fonction \u00ab Suivre \u00bb d&rsquo;Istagram ou la fonction \u00ab Partager \u00bb de YouTube) par le biais de plug-ins sociaux. La collecte de ces donn\u00e9es par Sandro Vanini a pour but de permettre \u00e0 l&rsquo;utilisateur de partager le contenu de Sandro Vanini sur les pages sociales de l&rsquo;utilisateur. Le traitement et l&rsquo;utilisation ult\u00e9rieurs des donn\u00e9es par les fournisseurs eux-m\u00eames sur leurs pages, ainsi que les droits et les possibilit\u00e9s de r\u00e9glage pour la protection de la confidentialit\u00e9 de l&rsquo;utilisateur, sont expos\u00e9s dans les avis de confidentialit\u00e9 mis \u00e0 disposition par les fournisseurs concern\u00e9s.<\/li>\n<li>Donn\u00e9es fournies par le biais du formulaire<br \/>\nLes donn\u00e9es de l&rsquo;Utilisateur sont collect\u00e9es par le Responsable du traitement lorsqu&rsquo;il remplit un formulaire (ci-apr\u00e8s d\u00e9nomm\u00e9 \u00ab formulaire \u00bb). Le formulaire requiert la saisie de donn\u00e9es personnelles, telles que : nom, pr\u00e9nom, adresse, t\u00e9l\u00e9phone, courriel, IBAN<\/li>\n<li>Donn\u00e9es fournies volontairement par l&rsquo;Utilisateur<br \/>\nL&rsquo;envoi facultatif, explicite et volontaire de courrier \u00e9lectronique aux adresses indiqu\u00e9es sur ce site entra\u00eene l&rsquo;acquisition ult\u00e9rieure de l&rsquo;adresse de l&rsquo;exp\u00e9diteur, qui est n\u00e9cessaire pour r\u00e9pondre aux demandes, ainsi que de toute autre donn\u00e9e personnelle incluse dans le message.<\/li>\n<li>Les informations relatives aux candidatures envoy\u00e9es par courrier \u00e9lectronique, telles que le CV et les r\u00e9f\u00e9rences.<\/li>\n<\/ol>\n<p>&nbsp;<\/p>\n<h2>4\u00a0\u00a0\u00a0\u00a0\u00a0 Objectif du traitement<\/h2>\n<p>Les donn\u00e9es personnelles de l&rsquo;Utilisateur seront trait\u00e9es aux fins suivantes\u00a0:<\/p>\n<p>&nbsp;<\/p>\n<ul>\n<li>R\u00e9pondre \u00e0 une demande d&rsquo;information de l&rsquo;Utilisateur\u00a0;<\/li>\n<li>Pour ex\u00e9cuter la demande d&rsquo;achat de l&rsquo;Utilisateur, en ce qui concerne le traitement de la commande en ligne et les activit\u00e9s comptables et fiscales connexes\u00a0;<\/li>\n<li>Pour g\u00e9rer la correspondance et les communications de service avec l&rsquo;Utilisateur\u00a0;<\/li>\n<li>Pour traiter et livrer les commandes de l&rsquo;Utilisateur\u00a0;<\/li>\n<li>Pour souscrire \u00e0 des services sp\u00e9cifiques, tels que le bulletin d&rsquo;information de Vanini\u00a0;<\/li>\n<li>Remplir les obligations d\u00e9coulant de la loi, d&rsquo;un r\u00e8glement, et r\u00e9pondre aux demandes de l&rsquo;autorit\u00e9 comp\u00e9tente\u00a0;<\/li>\n<li>\u00c9tudes statistiques (dans ce cas, les donn\u00e9es sont anonymis\u00e9es)\u00a0;<\/li>\n<li>Sur la base de la r\u00e9glementation en vigueur, Sandro Vanini pourra utiliser les coordonn\u00e9es e-mail fournies lors de l&rsquo;achat de l&rsquo;un de nos services afin de proposer \u00e0 l&rsquo;Utilisateur des services et des avantages similaires \u00e0 ceux d\u00e9j\u00e0 achet\u00e9s. Toutefois, si l&rsquo;Utilisateur ne souhaite pas recevoir de telles communications, il peut en informer Sandro Vanini \u00e0 tout moment, en utilisant le lien fourni dans les communications \u00e9lectroniques re\u00e7ues. Dans ce cas, Sandro Vanini mettra fin \u00e0 cette activit\u00e9 sans d\u00e9lai.<\/li>\n<\/ul>\n<p>&nbsp;<\/p>\n<h2>5\u00a0\u00a0\u00a0\u00a0\u00a0 Base juridique du traitement des donn\u00e9es de l&rsquo;Utilisateur<\/h2>\n<p>Chaque traitement est justifi\u00e9 par l&rsquo;un des motifs juridiques suivants\u00a0:<\/p>\n<ul>\n<li>Le traitement est n\u00e9cessaire \u00e0 l&rsquo;ex\u00e9cution du contrat existant entre les parties. Dans ce cas, la communication des donn\u00e9es personnelles est facultative, mais leur absence rendra impossible la conclusion du contrat et la fourniture du service demand\u00e9\u00a0;<\/li>\n<li>Le traitement est n\u00e9cessaire pour se conformer \u00e0 une obligation l\u00e9gale. Dans ce cas, la communication des donn\u00e9es est obligatoire et le d\u00e9faut de communication de ces donn\u00e9es rendra impossible la conclusion du contrat et la fourniture du service demand\u00e9\u00a0;<\/li>\n<li>Le traitement est n\u00e9cessaire \u00e0 la poursuite de l&rsquo;int\u00e9r\u00eat l\u00e9gitime du Responsable du traitement, \u00e0 condition que les int\u00e9r\u00eats ou les droits et libert\u00e9s fondamentaux de l&rsquo;Utilisateur exigeant la protection des donn\u00e9es personnelles ne pr\u00e9valent pas. Dans ce cas, la fourniture des donn\u00e9es est facultative.<\/li>\n<\/ul>\n<p>La communication de ses donn\u00e9es personnelles \u00e0 Sandro Vanini lorsqu&rsquo;elle est demand\u00e9e (au moyen de formulaires en ligne, par exemple) peut \u00eatre indispensable \u00e0 la r\u00e9alisation des objectifs indiqu\u00e9s dans la communication.\u00a0L&rsquo;absence ou le refus de fournir des informations exactes lorsqu&rsquo;elles sont demand\u00e9es entra\u00eenera l&rsquo;impossibilit\u00e9 de traiter votre demande et, par cons\u00e9quent, Sandro Vanini ne sera pas en mesure de traiter votre demande.<\/p>\n<p>La fourniture d&rsquo;autres donn\u00e9es \u00e0 Sandro Vanini, en plus de celles qui sont obligatoires, est facultative et ne produira aucune cons\u00e9quence en ce qui concerne les principaux objectifs du traitement des donn\u00e9es personnelles indiqu\u00e9s dans cette politique de confidentialit\u00e9.<\/p>\n<p>&nbsp;<\/p>\n<h2>6\u00a0\u00a0\u00a0\u00a0\u00a0 \u00c0 qui les donn\u00e9es peuvent \u00eatre divulgu\u00e9es<\/h2>\n<p>Dans le cadre de l&rsquo;activit\u00e9 de Sandro Vanini et aux fins sp\u00e9cifi\u00e9es ci-dessus, les donn\u00e9es personnelles de l&rsquo;Utilisateur peuvent \u00eatre partag\u00e9es avec\u00a0:<\/p>\n<ul>\n<li>Les sous-traitants de donn\u00e9es d\u00fbment d\u00e9sign\u00e9s qui fournissent un traitement sp\u00e9cifique ou des services auxiliaires pour le compte du Responsable du traitement des donn\u00e9es et selon ses instructions (par exemple, l&rsquo;h\u00e9bergement web, les administrateurs syst\u00e8me)\u00a0;<\/li>\n<li>Responsables autonomes du traitement des donn\u00e9es auxquels les donn\u00e9es peuvent \u00eatre communiqu\u00e9es en vertu des dispositions de la loi ou des ordres des autorit\u00e9s, ou par exemple pour ex\u00e9cuter des paiements (banques)\u00a0; pour permettre au Responsable du traitement des donn\u00e9es d&rsquo;exercer ses droits (cabinet d&rsquo;avocats) ; etc.<\/li>\n<li>Les personnes autoris\u00e9es par le Responsable du traitement des donn\u00e9es \u00e0 traiter les donn\u00e9es personnelles n\u00e9cessaires \u00e0 la r\u00e9alisation d&rsquo;activit\u00e9s strictement li\u00e9es \u00e0 la prestation de services et qui ont assum\u00e9 une obligation l\u00e9gale et contractuelle appropri\u00e9e de confidentialit\u00e9 (par exemple, les employ\u00e9s et\/ou les collaborateurs du Responsable du traitement des donn\u00e9es).<\/li>\n<\/ul>\n<p>Nous ne vendons ni ne divulguons d&rsquo;une autre mani\u00e8re vos donn\u00e9es personnelles \u00e0 des tiers.<\/p>\n<p>&nbsp;<\/p>\n<h2>7\u00a0\u00a0\u00a0\u00a0\u00a0 O\u00f9 les donn\u00e9es sont stock\u00e9es<\/h2>\n<p>Toutes les donn\u00e9es personnelles sont stock\u00e9es sous forme \u00e9lectronique sur des serveurs situ\u00e9s en Suisse.<\/p>\n<p>Si n\u00e9cessaire, le Responsable du traitement des donn\u00e9es peut \u00e9galement transf\u00e9rer les donn\u00e9es en dehors de la Suisse. Dans ce cas, le Responsable du traitement des donn\u00e9es garantit par la pr\u00e9sente que le transfert des donn\u00e9es aura lieu conform\u00e9ment aux dispositions l\u00e9gales applicables.<\/p>\n<p>&nbsp;<\/p>\n<h2>8\u00a0\u00a0\u00a0\u00a0\u00a0 Combien de temps les donn\u00e9es sont-elles conserv\u00e9es<\/h2>\n<p>Conform\u00e9ment aux principes de lic\u00e9it\u00e9, de limitation de la finalit\u00e9 et de minimisation des donn\u00e9es, la dur\u00e9e de conservation des donn\u00e9es personnelles de l&rsquo;Utilisateur est fix\u00e9e pour une p\u00e9riode n\u00e9cessaire \u00e0 l&rsquo;ex\u00e9cution des services demand\u00e9s et dans le respect de la r\u00e9glementation en vigueur en mati\u00e8re de conservation de la documentation fiscale et contractuelle.<\/p>\n<p>Les donn\u00e9es \u00e0 caract\u00e8re personnel relatives aux fins de l&rsquo;envoi du bulletin d&rsquo;information de Sandro Vanini, jusqu&rsquo;au retrait du consentement ou \u00e0 l&rsquo;opposition au traitement \u00e0 ces fins.<\/p>\n<p>&nbsp;<\/p>\n<h2>9\u00a0\u00a0\u00a0\u00a0\u00a0 Quels sont les droits de l&rsquo;utilisateur<\/h2>\n<p>Vous pouvez \u00e0 tout moment demander la confirmation que des donn\u00e9es \u00e0 caract\u00e8re personnel vous concernant sont ou ne sont pas trait\u00e9es, et vous avez le droit de demander la confirmation de ces donn\u00e9es :<\/p>\n<ul>\n<li>demander l&rsquo;acc\u00e8s aux donn\u00e9es afin d&rsquo;obtenir des informations sur les finalit\u00e9s du traitement, les destinataires auxquels les donn\u00e9es pourraient \u00eatre communiqu\u00e9es, la dur\u00e9e du traitement (si possible) et les cons\u00e9quences \u00e9ventuelles d&rsquo;un traitement bas\u00e9 sur le profilage ;<\/li>\n<li>retirer son consentement \u00e0 tout moment, sans pr\u00e9judice de la lic\u00e9it\u00e9 du traitement bas\u00e9 sur le consentement donn\u00e9 avant le retrait ;<\/li>\n<li>demander la rectification des donn\u00e9es \u00e0 caract\u00e8re personnel si elles sont inexactes ou incompl\u00e8tes\u00a0;<\/li>\n<li>demander l&rsquo;annulation des donn\u00e9es si elles ne sont plus n\u00e9cessaires au Responsable du traitement des donn\u00e9es aux fins du traitement envisag\u00e9, si elles sont inad\u00e9quates au regard des finalit\u00e9s du traitement, si l&rsquo;Utilisateur a retir\u00e9 son consentement ou si les donn\u00e9es ont \u00e9t\u00e9 trait\u00e9es de mani\u00e8re illicite ;<\/li>\n<li>demander la restriction du traitement des donn\u00e9es, dans les cas pr\u00e9vus par la loi ;<\/li>\n<li>demander le transfert des donn\u00e9es \u00e0 un autre Responsable du traitement des donn\u00e9es, dans un format commun\u00e9ment utilis\u00e9 et lisible par machine, sans entrave de la part du Responsable du traitement des donn\u00e9es actuel\u00a0;<\/li>\n<li>s&rsquo;opposer au traitement de ses donn\u00e9es et, en particulier, il a le droit de s&rsquo;opposer aux d\u00e9cisions le concernant si elles sont fond\u00e9es uniquement sur un traitement automatis\u00e9 de ses donn\u00e9es, y compris le profilage\u00a0;<\/li>\n<li>introduire une plainte aupr\u00e8s de l&rsquo;autorit\u00e9 comp\u00e9tente s&rsquo;il estime que les traitements qui le concernent violent la l\u00e9gislation applicable en mati\u00e8re de protection des donn\u00e9es.<\/li>\n<\/ul>\n<p>Pour exercer vos droits, vous pouvez utiliser les coordonn\u00e9es indiqu\u00e9es au paragraphe 1 ou acc\u00e9der au site web du Commissaire f\u00e9d\u00e9ral \u00e0 la protection des donn\u00e9es et \u00e0 la transparence <a href=\"http:\/\/www.edoeb.admin.ch\">http:\/\/www.edoeb.admin.ch<\/a><\/p>\n<p>&nbsp;<\/p>\n<h2>10\u00a0\u00a0 Prise de d\u00e9cision automatis\u00e9e<\/h2>\n<p>L&rsquo;Utilisateur n&rsquo;est pas soumis \u00e0 des d\u00e9cisions fond\u00e9es sur un traitement automatis\u00e9.<\/p>\n<p>&nbsp;<\/p>\n<h2>11\u00a0\u00a0 Changements<\/h2>\n<p>Sandro Vanini se r\u00e9serve le droit de modifier ou simplement de mettre \u00e0 jour le contenu de cette politique de confidentialit\u00e9, en partie ou en totalit\u00e9, \u00e9galement en raison de changements dans la l\u00e9gislation applicable. Ces variations seront contraignantes d\u00e8s qu&rsquo;elles seront publi\u00e9es sur le Site et\/ou dans l&rsquo;Application. Si l&rsquo;Utilisateur continue \u00e0 acc\u00e9der ou \u00e0 utiliser le service apr\u00e8s cette publication, il est r\u00e9put\u00e9 avoir accept\u00e9 express\u00e9ment ces modifications. Sandro Vanini invite donc l&rsquo;Utilisateur \u00e0 visiter r\u00e9guli\u00e8rement cette section afin de prendre connaissance de la version la plus r\u00e9cente et actualis\u00e9e de la Politique de confidentialit\u00e9, de mani\u00e8re \u00e0 \u00eatre constamment inform\u00e9 sur les donn\u00e9es collect\u00e9es et sur l&rsquo;utilisation qui en est faite par Sandro Vanini.<\/p>\n<p>&nbsp;<\/p>\n<p style=\"text-align: right;\"><em>Derni\u00e8re modification: 28.10.2021<\/em><\/p>\n<p>&nbsp;<\/p>\n<p>[\/vc_column_text][vc_empty_space height=\u00a0\u00bb60px\u00a0\u00bb][\/vc_column][\/vc_row]<\/p>\n<\/div>","protected":false},"excerpt":{"rendered":"<p>[vc_row css_animation=\u00a0\u00bb\u00a0\u00bb row_type=\u00a0\u00bbrow\u00a0\u00bb use_row_as_full_screen_section=\u00a0\u00bbno\u00a0\u00bb type=\u00a0\u00bbfull_width\u00a0\u00bb angled_section=\u00a0\u00bbno\u00a0\u00bb text_align=\u00a0\u00bbleft\u00a0\u00bb background_image_as_pattern=\u00a0\u00bbwithout_pattern\u00a0\u00bb z_index=\u00a0\u00bb\u00a0\u00bb][vc_column][vc_single_image image=\u00a0\u00bb32&Prime; img_size=\u00a0\u00bbfull\u00a0\u00bb alignment=\u00a0\u00bbcenter\u00a0\u00bb qode_css_animation=\u00a0\u00bb\u00a0\u00bb css=\u00a0\u00bb.vc_custom_1630050451964{margin-bottom: 64px !important;}\u00a0\u00bb][vc_column_text] Politique de confidentialit\u00e9 [\/vc_column_text][vc_empty_space height=\u00a0\u00bb20px\u00a0\u00bb][vc_column_text]La soci\u00e9t\u00e9 Sandro&#8230;<\/p>\n","protected":false},"author":1,"featured_media":0,"parent":0,"menu_order":0,"comment_status":"closed","ping_status":"open","template":"","meta":{"_acf_changed":false,"footnotes":""},"class_list":["post-3770","page","type-page","status-publish","hentry"],"acf":[],"yoast_head":"<!-- This site is optimized with the Yoast SEO plugin v27.3 - https:\/\/yoast.com\/product\/yoast-seo-wordpress\/ -->\n<title>Politique de confidentialit\u00e9 - Sandro Vanini SA<\/title>\n<meta name=\"robots\" content=\"index, follow, max-snippet:-1, max-image-preview:large, max-video-preview:-1\" \/>\n<link rel=\"canonical\" href=\"https:\/\/sandrovanini.ch\/fr\/politique-de-confidentialite\/\" \/>\n<meta property=\"og:locale\" content=\"fr_FR\" \/>\n<meta property=\"og:type\" content=\"article\" \/>\n<meta property=\"og:title\" content=\"Politique de confidentialit\u00e9 - Sandro Vanini SA\" \/>\n<meta property=\"og:description\" content=\"[vc_row css_animation=\u00a0\u00bb\u00a0\u00bb row_type=\u00a0\u00bbrow\u00a0\u00bb use_row_as_full_screen_section=\u00a0\u00bbno\u00a0\u00bb type=\u00a0\u00bbfull_width\u00a0\u00bb angled_section=\u00a0\u00bbno\u00a0\u00bb text_align=\u00a0\u00bbleft\u00a0\u00bb background_image_as_pattern=\u00a0\u00bbwithout_pattern\u00a0\u00bb z_index=\u00a0\u00bb\u00a0\u00bb][vc_column][vc_single_image image=\u00a0\u00bb32&Prime; img_size=\u00a0\u00bbfull\u00a0\u00bb alignment=\u00a0\u00bbcenter\u00a0\u00bb qode_css_animation=\u00a0\u00bb\u00a0\u00bb css=\u00a0\u00bb.vc_custom_1630050451964{margin-bottom: 64px !important;}\u00a0\u00bb][vc_column_text] Politique de confidentialit\u00e9 [\/vc_column_text][vc_empty_space height=\u00a0\u00bb20px\u00a0\u00bb][vc_column_text]La soci\u00e9t\u00e9 Sandro...\" \/>\n<meta property=\"og:url\" content=\"https:\/\/sandrovanini.ch\/fr\/politique-de-confidentialite\/\" \/>\n<meta property=\"og:site_name\" content=\"Sandro Vanini SA\" \/>\n<meta property=\"article:modified_time\" content=\"2021-10-28T20:47:38+00:00\" \/>\n<meta name=\"twitter:card\" content=\"summary_large_image\" \/>\n<meta name=\"twitter:label1\" content=\"Dur\u00e9e de lecture estim\u00e9e\" \/>\n\t<meta name=\"twitter:data1\" content=\"8 minutes\" \/>\n<script type=\"application\/ld+json\" class=\"yoast-schema-graph\">{\"@context\":\"https:\\\/\\\/schema.org\",\"@graph\":[{\"@type\":\"WebPage\",\"@id\":\"https:\\\/\\\/sandrovanini.ch\\\/fr\\\/politique-de-confidentialite\\\/\",\"url\":\"https:\\\/\\\/sandrovanini.ch\\\/fr\\\/politique-de-confidentialite\\\/\",\"name\":\"Politique de confidentialit\u00e9 - Sandro Vanini SA\",\"isPartOf\":{\"@id\":\"https:\\\/\\\/sandrovanini.ch\\\/#website\"},\"datePublished\":\"2021-07-02T09:52:28+00:00\",\"dateModified\":\"2021-10-28T20:47:38+00:00\",\"breadcrumb\":{\"@id\":\"https:\\\/\\\/sandrovanini.ch\\\/fr\\\/politique-de-confidentialite\\\/#breadcrumb\"},\"inLanguage\":\"fr-FR\",\"potentialAction\":[{\"@type\":\"ReadAction\",\"target\":[\"https:\\\/\\\/sandrovanini.ch\\\/fr\\\/politique-de-confidentialite\\\/\"]}]},{\"@type\":\"BreadcrumbList\",\"@id\":\"https:\\\/\\\/sandrovanini.ch\\\/fr\\\/politique-de-confidentialite\\\/#breadcrumb\",\"itemListElement\":[{\"@type\":\"ListItem\",\"position\":1,\"name\":\"Home\",\"item\":\"https:\\\/\\\/sandrovanini.ch\\\/fr\\\/\"},{\"@type\":\"ListItem\",\"position\":2,\"name\":\"Politique de confidentialit\u00e9\"}]},{\"@type\":\"WebSite\",\"@id\":\"https:\\\/\\\/sandrovanini.ch\\\/#website\",\"url\":\"https:\\\/\\\/sandrovanini.ch\\\/\",\"name\":\"Sandro Vanini SA\",\"description\":\"Delizie da vivere\",\"publisher\":{\"@id\":\"https:\\\/\\\/sandrovanini.ch\\\/#organization\"},\"potentialAction\":[{\"@type\":\"SearchAction\",\"target\":{\"@type\":\"EntryPoint\",\"urlTemplate\":\"https:\\\/\\\/sandrovanini.ch\\\/?s={search_term_string}\"},\"query-input\":{\"@type\":\"PropertyValueSpecification\",\"valueRequired\":true,\"valueName\":\"search_term_string\"}}],\"inLanguage\":\"fr-FR\"},{\"@type\":\"Organization\",\"@id\":\"https:\\\/\\\/sandrovanini.ch\\\/#organization\",\"name\":\"Sandro Vanini SA\",\"url\":\"https:\\\/\\\/sandrovanini.ch\\\/\",\"logo\":{\"@type\":\"ImageObject\",\"inLanguage\":\"fr-FR\",\"@id\":\"https:\\\/\\\/sandrovanini.ch\\\/#\\\/schema\\\/logo\\\/image\\\/\",\"url\":\"https:\\\/\\\/sandrovanini.ch\\\/vaniniwpsite\\\/wp-content\\\/uploads\\\/SANDRO-VANINI-LOGO-2021.png\",\"contentUrl\":\"https:\\\/\\\/sandrovanini.ch\\\/vaniniwpsite\\\/wp-content\\\/uploads\\\/SANDRO-VANINI-LOGO-2021.png\",\"width\":300,\"height\":129,\"caption\":\"Sandro Vanini SA\"},\"image\":{\"@id\":\"https:\\\/\\\/sandrovanini.ch\\\/#\\\/schema\\\/logo\\\/image\\\/\"}}]}<\/script>\n<!-- \/ Yoast SEO plugin. -->","yoast_head_json":{"title":"Politique de confidentialit\u00e9 - Sandro Vanini SA","robots":{"index":"index","follow":"follow","max-snippet":"max-snippet:-1","max-image-preview":"max-image-preview:large","max-video-preview":"max-video-preview:-1"},"canonical":"https:\/\/sandrovanini.ch\/fr\/politique-de-confidentialite\/","og_locale":"fr_FR","og_type":"article","og_title":"Politique de confidentialit\u00e9 - Sandro Vanini SA","og_description":"[vc_row css_animation=\u00a0\u00bb\u00a0\u00bb row_type=\u00a0\u00bbrow\u00a0\u00bb use_row_as_full_screen_section=\u00a0\u00bbno\u00a0\u00bb type=\u00a0\u00bbfull_width\u00a0\u00bb angled_section=\u00a0\u00bbno\u00a0\u00bb text_align=\u00a0\u00bbleft\u00a0\u00bb background_image_as_pattern=\u00a0\u00bbwithout_pattern\u00a0\u00bb z_index=\u00a0\u00bb\u00a0\u00bb][vc_column][vc_single_image image=\u00a0\u00bb32&Prime; img_size=\u00a0\u00bbfull\u00a0\u00bb alignment=\u00a0\u00bbcenter\u00a0\u00bb qode_css_animation=\u00a0\u00bb\u00a0\u00bb css=\u00a0\u00bb.vc_custom_1630050451964{margin-bottom: 64px !important;}\u00a0\u00bb][vc_column_text] Politique de confidentialit\u00e9 [\/vc_column_text][vc_empty_space height=\u00a0\u00bb20px\u00a0\u00bb][vc_column_text]La soci\u00e9t\u00e9 Sandro...","og_url":"https:\/\/sandrovanini.ch\/fr\/politique-de-confidentialite\/","og_site_name":"Sandro Vanini SA","article_modified_time":"2021-10-28T20:47:38+00:00","twitter_card":"summary_large_image","twitter_misc":{"Dur\u00e9e de lecture estim\u00e9e":"8 minutes"},"schema":{"@context":"https:\/\/schema.org","@graph":[{"@type":"WebPage","@id":"https:\/\/sandrovanini.ch\/fr\/politique-de-confidentialite\/","url":"https:\/\/sandrovanini.ch\/fr\/politique-de-confidentialite\/","name":"Politique de confidentialit\u00e9 - Sandro Vanini SA","isPartOf":{"@id":"https:\/\/sandrovanini.ch\/#website"},"datePublished":"2021-07-02T09:52:28+00:00","dateModified":"2021-10-28T20:47:38+00:00","breadcrumb":{"@id":"https:\/\/sandrovanini.ch\/fr\/politique-de-confidentialite\/#breadcrumb"},"inLanguage":"fr-FR","potentialAction":[{"@type":"ReadAction","target":["https:\/\/sandrovanini.ch\/fr\/politique-de-confidentialite\/"]}]},{"@type":"BreadcrumbList","@id":"https:\/\/sandrovanini.ch\/fr\/politique-de-confidentialite\/#breadcrumb","itemListElement":[{"@type":"ListItem","position":1,"name":"Home","item":"https:\/\/sandrovanini.ch\/fr\/"},{"@type":"ListItem","position":2,"name":"Politique de confidentialit\u00e9"}]},{"@type":"WebSite","@id":"https:\/\/sandrovanini.ch\/#website","url":"https:\/\/sandrovanini.ch\/","name":"Sandro Vanini SA","description":"Delizie da vivere","publisher":{"@id":"https:\/\/sandrovanini.ch\/#organization"},"potentialAction":[{"@type":"SearchAction","target":{"@type":"EntryPoint","urlTemplate":"https:\/\/sandrovanini.ch\/?s={search_term_string}"},"query-input":{"@type":"PropertyValueSpecification","valueRequired":true,"valueName":"search_term_string"}}],"inLanguage":"fr-FR"},{"@type":"Organization","@id":"https:\/\/sandrovanini.ch\/#organization","name":"Sandro Vanini SA","url":"https:\/\/sandrovanini.ch\/","logo":{"@type":"ImageObject","inLanguage":"fr-FR","@id":"https:\/\/sandrovanini.ch\/#\/schema\/logo\/image\/","url":"https:\/\/sandrovanini.ch\/vaniniwpsite\/wp-content\/uploads\/SANDRO-VANINI-LOGO-2021.png","contentUrl":"https:\/\/sandrovanini.ch\/vaniniwpsite\/wp-content\/uploads\/SANDRO-VANINI-LOGO-2021.png","width":300,"height":129,"caption":"Sandro Vanini SA"},"image":{"@id":"https:\/\/sandrovanini.ch\/#\/schema\/logo\/image\/"}}]}},"_links":{"self":[{"href":"https:\/\/sandrovanini.ch\/fr\/wp-json\/wp\/v2\/pages\/3770","targetHints":{"allow":["GET"]}}],"collection":[{"href":"https:\/\/sandrovanini.ch\/fr\/wp-json\/wp\/v2\/pages"}],"about":[{"href":"https:\/\/sandrovanini.ch\/fr\/wp-json\/wp\/v2\/types\/page"}],"author":[{"embeddable":true,"href":"https:\/\/sandrovanini.ch\/fr\/wp-json\/wp\/v2\/users\/1"}],"replies":[{"embeddable":true,"href":"https:\/\/sandrovanini.ch\/fr\/wp-json\/wp\/v2\/comments?post=3770"}],"version-history":[{"count":2,"href":"https:\/\/sandrovanini.ch\/fr\/wp-json\/wp\/v2\/pages\/3770\/revisions"}],"predecessor-version":[{"id":4763,"href":"https:\/\/sandrovanini.ch\/fr\/wp-json\/wp\/v2\/pages\/3770\/revisions\/4763"}],"wp:attachment":[{"href":"https:\/\/sandrovanini.ch\/fr\/wp-json\/wp\/v2\/media?parent=3770"}],"curies":[{"name":"wp","href":"https:\/\/api.w.org\/{rel}","templated":true}]}}