{"id":4543,"date":"2021-08-11T19:39:04","date_gmt":"2021-08-11T17:39:04","guid":{"rendered":"https:\/\/sandrovanini.ch\/vaniniwpsite\/prodotto\/mostarda-di-frutta-extra-forte\/"},"modified":"2024-12-09T11:37:36","modified_gmt":"2024-12-09T10:37:36","slug":"senffruechte-extrastark","status":"publish","type":"product","link":"https:\/\/sandrovanini.ch\/de\/produkt\/senffruechte-extrastark\/","title":{"rendered":"Senffr\u00fcchte extrastark"},"content":{"rendered":"<p>Die Senffr\u00fcchte extrastark von Sandro Vanini werden nach dem traditionellen Rezept und mit sorgf\u00e4ltig ausgew\u00e4hlten frischen Fr\u00fcchten und sehr scharfem Senf\u00f6l zubereitet. Mostarda di Frutta ist eine raffinierte Beilage, die zu jedem Gericht passt.<br \/>\nDie Verarbeitung besteht in der Auswahl der Fr\u00fcchte, vorwiegend aus Zitrusfr\u00fcchten (Orangen und Clementinen, um eine intensivere Sch\u00e4rfe zu erhalten), die gewaschen, gesch\u00e4lt, in St\u00fccke geschnitten und schlie\u00dflich ged\u00e4mpft werden.<br \/>\nDie erfahrenen Kandiermeister von Sandro Vanini legen die ausgew\u00e4hlten Fr\u00fcchte bis zu zw\u00f6lf Tage lang in einen Zuckersirup ein. W\u00e4hrend dieser Zeit ersetzt die Zuckerl\u00f6sung das Wasser im Fruchtfleisch, somit werden die Fr\u00fcchte kandiert.<br \/>\nAnschlie\u00dfend wird zu den kandierten Fr\u00fcchten extra starker Senfsirup hinzugef\u00fcgt, der den Senffr\u00fcchten deren einzigartigen und unverwechselbaren s\u00fc\u00df-extra-scharfen Geschmack verleiht.<br \/>\nDiese extra starke Mostarda di Frutta ist nicht nur zu K\u00e4se und gekochtem Fleisch ideal, sondern auch zu Wild und Braten.<\/p>\n<p>&nbsp;<\/p>\n<p><strong>Zutaten<\/strong>: Kandierte Fr\u00fcchte und und Brassicaceae (60%) (Zucker, Glukosesirup, Pfirsiche, Birnen, Aprikosen, Orangen, Kirschen, Brassicaceae, Klementinen, Feigen in ver\u00e4nderlichen Massenanteilen, Farbstoff: E120), Zucker, Wasser, Glukosesirup, Aroma, Natriummetabi<strong>sulfit<\/strong>.<\/p>\n<p>&nbsp;<\/p>\n<p>Um weitere Informationen zu Produkten und Allergenen anzufordern, kontaktieren Sie uns unter: vanini@sandrovanini.ch<\/p>\n","protected":false},"excerpt":{"rendered":"<p>500gr Glas<\/p>\n","protected":false},"featured_media":6618,"comment_status":"closed","ping_status":"closed","template":"","meta":{"_acf_changed":false},"product_brand":[],"product_cat":[125],"product_tag":[],"class_list":{"0":"post-4543","1":"product","2":"type-product","3":"status-publish","4":"has-post-thumbnail","6":"product_cat-senffruchte","8":"first","9":"instock","10":"taxable","11":"shipping-taxable","12":"purchasable","13":"product-type-simple"},"acf":[],"yoast_head":"<!-- This site is optimized with the Yoast SEO plugin v27.3 - https:\/\/yoast.com\/product\/yoast-seo-wordpress\/ -->\n<title>Senffr\u00fcchte extrastark - Sandro Vanini SA<\/title>\n<meta name=\"robots\" content=\"index, follow, max-snippet:-1, max-image-preview:large, max-video-preview:-1\" \/>\n<link rel=\"canonical\" href=\"https:\/\/sandrovanini.ch\/de\/produkt\/senffruechte-extrastark\/\" \/>\n<meta property=\"og:locale\" content=\"de_DE\" \/>\n<meta property=\"og:type\" content=\"article\" \/>\n<meta property=\"og:title\" content=\"Senffr\u00fcchte extrastark - Sandro Vanini SA\" \/>\n<meta property=\"og:description\" content=\"500gr Glas\" \/>\n<meta property=\"og:url\" content=\"https:\/\/sandrovanini.ch\/de\/produkt\/senffruechte-extrastark\/\" \/>\n<meta property=\"og:site_name\" content=\"Sandro Vanini SA\" \/>\n<meta property=\"article:modified_time\" content=\"2024-12-09T10:37:36+00:00\" \/>\n<meta property=\"og:image\" content=\"https:\/\/sandrovanini.ch\/vaniniwpsite\/wp-content\/uploads\/SV-3005-mostardaextraforte-500g-fruit-min.png\" \/>\n\t<meta property=\"og:image:width\" content=\"600\" \/>\n\t<meta property=\"og:image:height\" content=\"600\" \/>\n\t<meta property=\"og:image:type\" content=\"image\/png\" \/>\n<meta name=\"twitter:card\" content=\"summary_large_image\" \/>\n<meta name=\"twitter:label1\" content=\"Gesch\u00e4tzte Lesezeit\" \/>\n\t<meta name=\"twitter:data1\" content=\"1\u00a0Minute\" \/>\n<script type=\"application\/ld+json\" class=\"yoast-schema-graph\">{\"@context\":\"https:\\\/\\\/schema.org\",\"@graph\":[{\"@type\":\"WebPage\",\"@id\":\"https:\\\/\\\/sandrovanini.ch\\\/de\\\/produkt\\\/senffruechte-extrastark\\\/\",\"url\":\"https:\\\/\\\/sandrovanini.ch\\\/de\\\/produkt\\\/senffruechte-extrastark\\\/\",\"name\":\"Senffr\u00fcchte extrastark - Sandro Vanini SA\",\"isPartOf\":{\"@id\":\"https:\\\/\\\/sandrovanini.ch\\\/#website\"},\"primaryImageOfPage\":{\"@id\":\"https:\\\/\\\/sandrovanini.ch\\\/de\\\/produkt\\\/senffruechte-extrastark\\\/#primaryimage\"},\"image\":{\"@id\":\"https:\\\/\\\/sandrovanini.ch\\\/de\\\/produkt\\\/senffruechte-extrastark\\\/#primaryimage\"},\"thumbnailUrl\":\"https:\\\/\\\/sandrovanini.ch\\\/vaniniwpsite\\\/wp-content\\\/uploads\\\/SV-3005-mostardaextraforte-500g-fruit-min.png\",\"datePublished\":\"2021-08-11T17:39:04+00:00\",\"dateModified\":\"2024-12-09T10:37:36+00:00\",\"breadcrumb\":{\"@id\":\"https:\\\/\\\/sandrovanini.ch\\\/de\\\/produkt\\\/senffruechte-extrastark\\\/#breadcrumb\"},\"inLanguage\":\"de\",\"potentialAction\":[{\"@type\":\"ReadAction\",\"target\":[\"https:\\\/\\\/sandrovanini.ch\\\/de\\\/produkt\\\/senffruechte-extrastark\\\/\"]}]},{\"@type\":\"ImageObject\",\"inLanguage\":\"de\",\"@id\":\"https:\\\/\\\/sandrovanini.ch\\\/de\\\/produkt\\\/senffruechte-extrastark\\\/#primaryimage\",\"url\":\"https:\\\/\\\/sandrovanini.ch\\\/vaniniwpsite\\\/wp-content\\\/uploads\\\/SV-3005-mostardaextraforte-500g-fruit-min.png\",\"contentUrl\":\"https:\\\/\\\/sandrovanini.ch\\\/vaniniwpsite\\\/wp-content\\\/uploads\\\/SV-3005-mostardaextraforte-500g-fruit-min.png\",\"width\":600,\"height\":600,\"caption\":\"mostarda extraforte\"},{\"@type\":\"BreadcrumbList\",\"@id\":\"https:\\\/\\\/sandrovanini.ch\\\/de\\\/produkt\\\/senffruechte-extrastark\\\/#breadcrumb\",\"itemListElement\":[{\"@type\":\"ListItem\",\"position\":1,\"name\":\"Home\",\"item\":\"https:\\\/\\\/sandrovanini.ch\\\/de\\\/\"},{\"@type\":\"ListItem\",\"position\":2,\"name\":\"Prodotti\",\"item\":\"https:\\\/\\\/sandrovanini.ch\\\/shop\\\/\"},{\"@type\":\"ListItem\",\"position\":3,\"name\":\"Senffr\u00fcchte extrastark\"}]},{\"@type\":\"WebSite\",\"@id\":\"https:\\\/\\\/sandrovanini.ch\\\/#website\",\"url\":\"https:\\\/\\\/sandrovanini.ch\\\/\",\"name\":\"Sandro Vanini SA\",\"description\":\"Delizie da vivere\",\"publisher\":{\"@id\":\"https:\\\/\\\/sandrovanini.ch\\\/#organization\"},\"potentialAction\":[{\"@type\":\"SearchAction\",\"target\":{\"@type\":\"EntryPoint\",\"urlTemplate\":\"https:\\\/\\\/sandrovanini.ch\\\/?s={search_term_string}\"},\"query-input\":{\"@type\":\"PropertyValueSpecification\",\"valueRequired\":true,\"valueName\":\"search_term_string\"}}],\"inLanguage\":\"de\"},{\"@type\":\"Organization\",\"@id\":\"https:\\\/\\\/sandrovanini.ch\\\/#organization\",\"name\":\"Sandro Vanini SA\",\"url\":\"https:\\\/\\\/sandrovanini.ch\\\/\",\"logo\":{\"@type\":\"ImageObject\",\"inLanguage\":\"de\",\"@id\":\"https:\\\/\\\/sandrovanini.ch\\\/#\\\/schema\\\/logo\\\/image\\\/\",\"url\":\"https:\\\/\\\/sandrovanini.ch\\\/vaniniwpsite\\\/wp-content\\\/uploads\\\/SANDRO-VANINI-LOGO-2021.png\",\"contentUrl\":\"https:\\\/\\\/sandrovanini.ch\\\/vaniniwpsite\\\/wp-content\\\/uploads\\\/SANDRO-VANINI-LOGO-2021.png\",\"width\":300,\"height\":129,\"caption\":\"Sandro Vanini SA\"},\"image\":{\"@id\":\"https:\\\/\\\/sandrovanini.ch\\\/#\\\/schema\\\/logo\\\/image\\\/\"}}]}<\/script>\n<!-- \/ Yoast SEO plugin. -->","yoast_head_json":{"title":"Senffr\u00fcchte extrastark - Sandro Vanini SA","robots":{"index":"index","follow":"follow","max-snippet":"max-snippet:-1","max-image-preview":"max-image-preview:large","max-video-preview":"max-video-preview:-1"},"canonical":"https:\/\/sandrovanini.ch\/de\/produkt\/senffruechte-extrastark\/","og_locale":"de_DE","og_type":"article","og_title":"Senffr\u00fcchte extrastark - Sandro Vanini SA","og_description":"500gr Glas","og_url":"https:\/\/sandrovanini.ch\/de\/produkt\/senffruechte-extrastark\/","og_site_name":"Sandro Vanini SA","article_modified_time":"2024-12-09T10:37:36+00:00","og_image":[{"width":600,"height":600,"url":"https:\/\/sandrovanini.ch\/vaniniwpsite\/wp-content\/uploads\/SV-3005-mostardaextraforte-500g-fruit-min.png","type":"image\/png"}],"twitter_card":"summary_large_image","twitter_misc":{"Gesch\u00e4tzte Lesezeit":"1\u00a0Minute"},"schema":{"@context":"https:\/\/schema.org","@graph":[{"@type":"WebPage","@id":"https:\/\/sandrovanini.ch\/de\/produkt\/senffruechte-extrastark\/","url":"https:\/\/sandrovanini.ch\/de\/produkt\/senffruechte-extrastark\/","name":"Senffr\u00fcchte extrastark - Sandro Vanini SA","isPartOf":{"@id":"https:\/\/sandrovanini.ch\/#website"},"primaryImageOfPage":{"@id":"https:\/\/sandrovanini.ch\/de\/produkt\/senffruechte-extrastark\/#primaryimage"},"image":{"@id":"https:\/\/sandrovanini.ch\/de\/produkt\/senffruechte-extrastark\/#primaryimage"},"thumbnailUrl":"https:\/\/sandrovanini.ch\/vaniniwpsite\/wp-content\/uploads\/SV-3005-mostardaextraforte-500g-fruit-min.png","datePublished":"2021-08-11T17:39:04+00:00","dateModified":"2024-12-09T10:37:36+00:00","breadcrumb":{"@id":"https:\/\/sandrovanini.ch\/de\/produkt\/senffruechte-extrastark\/#breadcrumb"},"inLanguage":"de","potentialAction":[{"@type":"ReadAction","target":["https:\/\/sandrovanini.ch\/de\/produkt\/senffruechte-extrastark\/"]}]},{"@type":"ImageObject","inLanguage":"de","@id":"https:\/\/sandrovanini.ch\/de\/produkt\/senffruechte-extrastark\/#primaryimage","url":"https:\/\/sandrovanini.ch\/vaniniwpsite\/wp-content\/uploads\/SV-3005-mostardaextraforte-500g-fruit-min.png","contentUrl":"https:\/\/sandrovanini.ch\/vaniniwpsite\/wp-content\/uploads\/SV-3005-mostardaextraforte-500g-fruit-min.png","width":600,"height":600,"caption":"mostarda extraforte"},{"@type":"BreadcrumbList","@id":"https:\/\/sandrovanini.ch\/de\/produkt\/senffruechte-extrastark\/#breadcrumb","itemListElement":[{"@type":"ListItem","position":1,"name":"Home","item":"https:\/\/sandrovanini.ch\/de\/"},{"@type":"ListItem","position":2,"name":"Prodotti","item":"https:\/\/sandrovanini.ch\/shop\/"},{"@type":"ListItem","position":3,"name":"Senffr\u00fcchte extrastark"}]},{"@type":"WebSite","@id":"https:\/\/sandrovanini.ch\/#website","url":"https:\/\/sandrovanini.ch\/","name":"Sandro Vanini SA","description":"Delizie da vivere","publisher":{"@id":"https:\/\/sandrovanini.ch\/#organization"},"potentialAction":[{"@type":"SearchAction","target":{"@type":"EntryPoint","urlTemplate":"https:\/\/sandrovanini.ch\/?s={search_term_string}"},"query-input":{"@type":"PropertyValueSpecification","valueRequired":true,"valueName":"search_term_string"}}],"inLanguage":"de"},{"@type":"Organization","@id":"https:\/\/sandrovanini.ch\/#organization","name":"Sandro Vanini SA","url":"https:\/\/sandrovanini.ch\/","logo":{"@type":"ImageObject","inLanguage":"de","@id":"https:\/\/sandrovanini.ch\/#\/schema\/logo\/image\/","url":"https:\/\/sandrovanini.ch\/vaniniwpsite\/wp-content\/uploads\/SANDRO-VANINI-LOGO-2021.png","contentUrl":"https:\/\/sandrovanini.ch\/vaniniwpsite\/wp-content\/uploads\/SANDRO-VANINI-LOGO-2021.png","width":300,"height":129,"caption":"Sandro Vanini SA"},"image":{"@id":"https:\/\/sandrovanini.ch\/#\/schema\/logo\/image\/"}}]}},"_links":{"self":[{"href":"https:\/\/sandrovanini.ch\/de\/wp-json\/wp\/v2\/product\/4543","targetHints":{"allow":["GET"]}}],"collection":[{"href":"https:\/\/sandrovanini.ch\/de\/wp-json\/wp\/v2\/product"}],"about":[{"href":"https:\/\/sandrovanini.ch\/de\/wp-json\/wp\/v2\/types\/product"}],"replies":[{"embeddable":true,"href":"https:\/\/sandrovanini.ch\/de\/wp-json\/wp\/v2\/comments?post=4543"}],"wp:featuredmedia":[{"embeddable":true,"href":"https:\/\/sandrovanini.ch\/de\/wp-json\/wp\/v2\/media\/6618"}],"wp:attachment":[{"href":"https:\/\/sandrovanini.ch\/de\/wp-json\/wp\/v2\/media?parent=4543"}],"wp:term":[{"taxonomy":"product_brand","embeddable":true,"href":"https:\/\/sandrovanini.ch\/de\/wp-json\/wp\/v2\/product_brand?post=4543"},{"taxonomy":"product_cat","embeddable":true,"href":"https:\/\/sandrovanini.ch\/de\/wp-json\/wp\/v2\/product_cat?post=4543"},{"taxonomy":"product_tag","embeddable":true,"href":"https:\/\/sandrovanini.ch\/de\/wp-json\/wp\/v2\/product_tag?post=4543"}],"curies":[{"name":"wp","href":"https:\/\/api.w.org\/{rel}","templated":true}]}}